{"id":2878,"date":"2023-06-05T13:51:07","date_gmt":"2023-06-05T13:51:07","guid":{"rendered":"https:\/\/digires.lt\/?post_type=event&#038;p=2878"},"modified":"2023-06-13T11:24:49","modified_gmt":"2023-06-13T11:24:49","slug":"lietuvos-ir-ukrainos-biblioteku-forumas-bibliotekos-vaidmuo-stiprinant-demokratine-visuomene","status":"publish","type":"event","link":"https:\/\/digires.lt\/ru\/event\/lietuvos-ir-ukrainos-biblioteku-forumas-bibliotekos-vaidmuo-stiprinant-demokratine-visuomene\/","title":{"rendered":"Lietuvos ir Ukrainos bibliotek\u0173 forumas: Bibliotekos vaidmuo stiprinant demokratin\u0119 visuomen\u0119 (nuotolinis, vertimas lietuvi\u0173 k., ukrainie\u010di\u0173 k.)"},"content":{"rendered":"\n<p>Kritinio m\u0105stymo ugdymas, pilieti\u0161kumo, bendruomeni\u0161kumo ir iniciatyvumo stiprinimas \u0161iandien yra kaip niekada svarbios temos demokratinei visuomenei kurti ir stiprinti. Atliepdamos n\u016bdienos aktualijas bei sutelkdamos Lietuvos ir Ukrainos bibliotek\u0173 patirtis Apskri\u010di\u0173 vie\u0161\u0173j\u0173 bibliotek\u0173 asociacija kartu su Lietuvos nacionaline Martyno Ma\u017evydo biblioteka bei Ukrainos bibliotek\u0173 asociacija&nbsp;<strong>bir\u017eelio 7\u20139 dienomis<\/strong>&nbsp;Vilniuje, Kaune ir Klaip\u0117doje rengia&nbsp;<strong>Lietuvos ir Ukrainos bibliotek\u0173 forum\u0105<\/strong>&nbsp;\u201eBibliotekos vaidmuo stiprinant demokratin\u0119 visuomen\u0119\u201c. \u0160io renginio tikslas \u2013 sustiprinti Lietuvos-Ukrainos bibliotek\u0173 bendradarbiavimo ry\u0161ius, aktualizuoti bibliotek\u0173 vaidmen\u012f stiprinant demokratin\u0119 visuomen\u0119.<\/p>\n\n\n\n<p>Forumo metu \u012fvairiomis formomis \u2013 susitikimais, pristatymais, k\u016brybin\u0117mis dirbtuv\u0117mis, diskusijomis \u2013 bus pl\u0117tojama medij\u0173 ir informacinio ra\u0161tingumo ugdymo tema, dalijamasi praktiniais bibliotek\u0173 veiklos pavyzd\u017eiais ir patirtimis, iniciatyvomis \u012ftraukios visuomen\u0117s veikloje bei pilieti\u0161kumo stiprinime.&nbsp;<\/p>\n\n\n\n<p>Bir\u017eelio 7\u20139 dienomis vyksian\u010dio renginio metu Lietuvos ir Ukrainos bibliotek\u0173 atstovai artimiau pa\u017eins vieni kitus, stiprins bendryst\u0119 ir vystys kult\u016brin\u012f bendradarbiavim\u0105. Atvyks sve\u010diai i\u0161 Ukrainos bibliotek\u0173 asociacijos, lektoriai i\u0161 kult\u016bros srities, atstovai i\u0161 Lietuvos bibliotek\u0173 ir vietos bendruomeni\u0173. \u012e forumo veiklas aktyviai \u012fsitrauks ir Lietuvoje \u0161iuo metu gyvenantys bei dirbantys bibliotekininkai ukrainie\u010diai.&nbsp;<\/p>\n\n\n\n<p>Forumas vyks 3 miestuose \u2013 7 dien\u0105 Vilniuje, 8 d. \u2013 Kaune, o 9 d. \u2013 Klaip\u0117doje. Tiesiogiai steb\u0117ti forumo prane\u0161imus gal\u0117s visi&nbsp;<strong>Biblioteka Visiems<\/strong>&nbsp;Youtube kanale lietuvi\u0173 ir ukrainie\u010di\u0173 kalbomis.<\/p>\n\n\n\n<p>RENGINYJE KAUNE bir\u017eelio 8 d. prane\u0161imus skaitys ir diskusijoje apie bibliotek\u0173 ir akademin\u0117s bendruomen\u0117s vaidmen\u012f ugdant visuomen\u0117s s\u0105moningum\u0105 ir kritin\u012f m\u0105stym\u0105 dalyvaus ir DIGIRES mokslininkai \u2013 VDU prof. Auks\u0117 Bal\u010dytien\u0117 ir VDU doktorantas Darius Remeika.<\/p>\n\n\n\n<p><a rel=\"noreferrer noopener\" href=\"https:\/\/youtube.com\/live\/eBSho_-_IIk?feature=share\" target=\"_blank\">Bir\u017eelio 8 d. transliacija lietuvi\u0173 kalba<\/a><\/p>\n\n\n\n<p><a rel=\"noreferrer noopener\" href=\"https:\/\/youtube.com\/live\/-eAap_GNMsc?feature=share\" target=\"_blank\">Bir\u017eelio 8 d. transliacija ukrainie\u010di\u0173 kalba<\/a><\/p>\n\n\n\n<p>Daugiau informacijos https:\/\/avba.lt\/bibliotekos-vaidmuo-stiprinant-demokratine-visuomene\/<\/p>\n\n\n\n<p>__________<\/p>\n\n\n\n<p>Projekto organizatoriai: Apskri\u010di\u0173 vie\u0161\u0173j\u0173 bibliotek\u0173 asociacija ir Lietuvos nacionalin\u0117 Martyno Ma\u017evydo biblioteka<\/p>\n\n\n\n<p>Projekto partneriai: Ukrainos bibliotek\u0173 asociacija, Vytauto Did\u017eiojo universitetas.<\/p>\n\n\n\n<p>Projekt\u0105 i\u0161 dalies finansuoja&nbsp;<a href=\"https:\/\/www.ltkt.lt\/\" target=\"_blank\" rel=\"noreferrer noopener\">Lietuvos kult\u016bros taryba<\/a><\/p>\n","protected":false},"featured_media":2879,"template":"","class_list":["post-2878","event","type-event","status-publish","has-post-thumbnail","hentry"],"acf":[],"_links":{"self":[{"href":"https:\/\/digires.lt\/ru\/wp-json\/wp\/v2\/event\/2878","targetHints":{"allow":["GET"]}}],"collection":[{"href":"https:\/\/digires.lt\/ru\/wp-json\/wp\/v2\/event"}],"about":[{"href":"https:\/\/digires.lt\/ru\/wp-json\/wp\/v2\/types\/event"}],"wp:featuredmedia":[{"embeddable":true,"href":"https:\/\/digires.lt\/ru\/wp-json\/wp\/v2\/media\/2879"}],"wp:attachment":[{"href":"https:\/\/digires.lt\/ru\/wp-json\/wp\/v2\/media?parent=2878"}],"curies":[{"name":"wp","href":"https:\/\/api.w.org\/{rel}","templated":true}]}}