{"id":3295,"date":"2023-10-31T19:30:00","date_gmt":"2023-10-31T19:30:00","guid":{"rendered":"https:\/\/digires.lt\/fact\/ar-tikrai-lietuvoje-visi-gyventojai-mokes-nt-mokesti\/"},"modified":"2023-11-07T09:29:36","modified_gmt":"2023-11-07T09:29:36","slug":"ar-tikrai-lietuvoje-visi-gyventojai-mokes-nt-mokesti","status":"publish","type":"fact","link":"https:\/\/digires.lt\/en\/fact\/ar-tikrai-lietuvoje-visi-gyventojai-mokes-nt-mokesti\/","title":{"rendered":"Ar tikrai Lietuvoje visi gyventojai mok\u0117s NT mokest\u012f?"},"content":{"rendered":"\n<p>Seime vis netylant diskusijoms apie nekilnojamojo turto (NT) mokes\u010dio pakeitimus, socialiniuose tinkluose taip pat plinta \u012fra\u0161ai, kurie prasilenkia su tiesa.<\/p>\n\n\n<\/p>\n<h4>Teiginiai<\/h4>\n<p>Plauk\u0117 up\u0117s eur\u0173 aplenkdamos \u0161eimas, senukus, sergan\u010diuosius&#8230; Plauk\u0117 tol, kol i\u0161seko. O kaip papildyti? \u012evesti <a href=\"http:\/\/www.delfi.lt\/temos\/nt\" title=\"NT\" class=\"ttl_link textTag_93266611\" target=\"_blank\" rel=\"noopener\">NT<\/a> mokest\u012f ir lupti nuo vis\u0173, jau neaplenkiant \u0161eim\u0173, senuk\u0173, sergan\u010di\u0173j\u0173&#8230;<\/p>\n<h4>Verdiktas<\/h4>\n<p>Melas. \u0160iuo metu Lietuvoje jau galioja NT mokestis, ta\u010diau j\u012f moka ma\u017eiau 32 t\u016bkst. asmen\u0173. Si\u016blomi poky\u010diai paliest\u0173 apie 400 t\u016bkst. \u017emoni\u0173, o surinkti pinigai patekt\u0173 \u012f valstyb\u0117s, o \u012f savivaldybi\u0173 biud\u017eetus ir b\u016bt\u0173 skirti pagerinti tos savivaldyb\u0117s infrastrukt\u016br\u0105.<\/p>\n<h4>Melo detektoriaus komentaras<\/h4>\n<p>Naujas NT mokes\u010dio modelis daugiausia diskusij\u0173 suk\u0117l\u0117 d\u0117l to, kad buvo numatytas labai platus intervalas, kok\u012f tarif\u0105 gal\u0117t\u0173 nusistatyti konkre\u010dios savivaldyb\u0117s. Jis siek\u0117 nuo 0,05 iki 4 proc., tod\u0117l dalis politik\u0173 tvirtino, kad NT mokestis gyventojams gali siekti ir kelis t\u016bkstan\u010di\u0173 eur\u0173 per metus.<\/p>\n<p>Spalio 25 dien\u0105 finans\u0173 ministr\u0117 <a href=\"http:\/\/www.delfi.lt\/temos\/gintare-skaiste\" title=\"Gintar\u0117 Skaist\u0117\" class=\"ttl_link textTag_63429400\" target=\"_blank\" rel=\"noopener\">Gintar\u0117 Skaist\u0117<\/a> ir Seimo Biud\u017eeto ir finans\u0173 komiteto pirmininkas <a href=\"http:\/\/www.delfi.lt\/temos\/mindaugas-linge\" title=\"Mindaugas Ling\u0117\" class=\"ttl_link textTag_60880481\" target=\"_blank\" rel=\"noopener\">Mindaugas Ling\u0117<\/a> \u012fregistravo patais\u0105, kuria si\u016blo nustatyti lengvatin\u012f tarif\u0173 interval\u0105 (0,05-0,5 procento) fizini\u0173 asmen\u0173 i\u0161vardintos paskirties nekilnojamajam turtui, \u012fskaitant pagrindinio gyvenamojo b\u016bsto vertei vir\u0161ijan\u010diai 1,5 atitinkamos savivaldyb\u0117s ver\u010di\u0173 medianos (iki \u0161ios vert\u0117s pagrindinis gyvenamasis b\u016bstas b\u016bt\u0173 neapmokestinamas), o auk\u0161tesn\u012f tarif\u0173 interval\u0105 (0,5-4 procento) nustatyti apleistam ar nepri\u017ei\u016brimam nekilnojamajam turtui (<a href=\"https:\/\/e-seimas.lrs.lt\/portal\/legalAct\/lt\/TAK\/da12a850733911eeadbcc0bf53e6c339?positionInSearchResults=38&amp;searchModelUUID=37d3cde5-78c0-4b35-aff1-13a4549cddf0\" target=\"_self\" title=\"https:\/\/e-seimas.lrs.lt\/portal\/legalAct\/lt\/TAK\/da12a850733911eeadbcc0bf53e6c339?positionInSearchResults=38&amp;searchModelUUID=37d3cde5-78c0-4b35-aff1-13a4549cddf0\" rel=\"noopener\">\u010dia<\/a>).<\/p>\n<p>Pa\u017eym\u0117tina tai, kad \u012fmokos gyventojui b\u016bt\u0173 skai\u010diuojamos nuo nekilnojamojo turto masinio vertinimo dyd\u017eio, o ne nuo galimos komercin\u0117s objekto vert\u0117s. Paskutinis masinis vertinimas atliktas 2020 metais. Mokestin\u0117s vert\u0117s galios iki 2026 m. Jas galima rasti Registr\u0173 centro tinklalapyje.<\/p>\n<p>Tod\u0117l teiginys, kad NT mokest\u012f mok\u0117s visi yra melas, nes j\u012f mok\u0117s tik tie gyventojai, kuri\u0173 mokestin\u0117 NT vert\u0117 vir\u0161ys 1,5 atitinkamos savivaldyb\u0117s ver\u010di\u0173 medianos (<a href=\"https:\/\/www.facebook.com\/mindaugas.linge\/posts\/pfbid02P8gZRpvWmayoNdHGePmNREEmkEPgJ1Reto1b2MabQRh7krraUwXdxFBuNbU1ZZUZl?__cft__%5B0%5D=AZUPLyJ2triRKdDA1W6ecIMor9LCErTEx3f4IpPXQpsfSQIa4k_t4LNXWjarnmSvWqV5clwQ5EgmtZu1Q7LW8eSJKS6zQxTlgyGdxH-3pcY4eIMZZ5pa1boBgpRuX2xZfFjaWjigHPF7ZHbY8cGuTHaC-Nf3jiBSEmmiNVHXpxNrRA&amp;__tn__=%2CO%2CP-R\" target=\"_self\" title=\"https:\/\/www.facebook.com\/mindaugas.linge\/posts\/pfbid02P8gZRpvWmayoNdHGePmNREEmkEPgJ1Reto1b2MabQRh7krraUwXdxFBuNbU1ZZUZl?__cft__[0]=AZUPLyJ2triRKdDA1W6ecIMor9LCErTEx3f4IpPXQpsfSQIa4k_t4LNXWjarnmSvWqV5clwQ5EgmtZu1Q7LW8eSJKS6zQxTlgyGdxH-3pcY4eIMZZ5pa1boBgpRuX2xZfFjaWjigHPF7ZHbY8cGuTHaC-Nf3jiBSEmmiNVHXpxNrRA&amp;__tn__=%2CO%2CP-R\" rel=\"noopener\">\u010dia<\/a>).<\/p>\n<p>Pavyzd\u017eiui, Vilniuje 1,5 NT mediana siekia 90150 eur\u0173. Jei NT mokestin\u0117 vert\u0117 yra ma\u017eesn\u0117 nei \u0161i suma, tai nieko mok\u0117ti nereik\u0117s. O jei ji yra didesn\u0117, pavyzd\u017eiui siekia 120 t\u016bkst. eur\u0173, tai i\u0161 \u0161ios sumos reikia atimti 90150 eur\u0173, tas NT mokestis b\u016bt\u0173 skai\u010diuojamas nuo 29850 eur\u0173 sumos. Jei Vilniaus savivaldyb\u0117 patvirtint\u0173 0,05 proc. tarif\u0105, tai metinis mokestis siekt\u0173 14,9 euro.<\/p>\n<p>Daugeliui Lietuvos gyventoj\u0173 u\u017e savo b\u016bst\u0105 NT mokes\u010dio mok\u0117ti net nereik\u0117s, nes jo mokestin\u0117 vert\u0117 nevir\u0161ija tos savivaldyb\u0117s 1,5 NT ver\u010di\u0173 medianos (<a href=\"https:\/\/www.delfi.lt\/verslas\/nekilnojamas-turtas\/nt-mokestis-i-ka-pavirto-po-pradiniu-siulymu-ir-kiek-dabar-tektu-moketi-94913273\" target=\"_self\" title=\"https:\/\/www.delfi.lt\/verslas\/nekilnojamas-turtas\/nt-mokestis-i-ka-pavirto-po-pradiniu-siulymu-ir-kiek-dabar-tektu-moketi-94913273\" rel=\"noopener\">\u010dia<\/a>).<\/p>\n<p><a href=\"http:\/\/www.delfi.lt\/temos\/europos-komisija\" title=\"Europos Komisija\" class=\"ttl_link textTag_49711788\" target=\"_blank\" rel=\"noopener\">Europos Komisija<\/a> savo ataskaitose apie Lietuvos ekonomik\u0105 ne kart\u0105 pabr\u0117\u017e\u0117, kad Lietuvos mokestin\u0117s pajamos, i\u0161reik\u0161tos procentine BVP dalimi, yra gerokai ma\u017eesn\u0117s u\u017e ES vidurk\u012f, tod\u0117l l\u0117\u0161\u0173 vie\u0161osioms sveikatos prie\u017ei\u016bros, socialin\u0117s apsaugos ir bendr\u0173j\u0173 vie\u0161\u0173j\u0173 paslaug\u0173 i\u0161laidoms finansuoti yra ma\u017eai. 2021 m. pajamos i\u0161 nekilnojamojo turto mokes\u010di\u0173, kurie yra vieni i\u0161 ma\u017eiausiai ekonomikos augimui kenkian\u010di\u0173 mokes\u010di\u0173, sudar\u0117 tik 0,3 proc. BVP, t. y. buvo ma\u017edaug septynis kartus ma\u017eesn\u0117s u\u017e ES vidurk\u012f (<a href=\"https:\/\/commission.europa.eu\/system\/files\/2023-05\/COM_2023_615_1_LT.PDF\" target=\"_self\" title=\"https:\/\/commission.europa.eu\/system\/files\/2023-05\/COM_2023_615_1_LT.PDF\" rel=\"noopener\">\u010dia<\/a>).<\/p>\n<p>\u201ePaprasta \u017emoni\u0173 kalba kalbant \u2013 beveik neapmokestiname jokio turto, ta\u010diau stipriai apmokestiname visus \u017emones ne\u017ei\u016br\u0117dami j\u0173 gyvenimo aplinkybi\u0173 ir materialin\u0117s pad\u0117ties. \u0160i\u0105 situacij\u0105 EK rekomenduoja taisyti. Tuo tarpu kokie tur\u0117t\u0173 b\u016bti konkret\u016bs mokes\u010diai, kam jie tur\u0117t\u0173 b\u016bti taikomi, kas juos tur\u0117t\u0173 nustatin\u0117ti, kokie j\u0173 r\u0117\u017eiai, kokios medianos \u2013 absoliu\u010diai visa tai nuo A iki Z yra pa\u010dios vyriausyb\u0117s pasi\u016blym\u0173 reikalas, Europos Komisija \u010dia veikia tik kaip barjeras, kad u\u017etikrint\u0173, jog vyriausyb\u0117s pasi\u016blymai atitinka pa\u010dios vyriausyb\u0117s plan\u0105\u201c, &#8211; ai\u0161kino eurokomisaras <a href=\"http:\/\/www.delfi.lt\/temos\/virginijus-sinkevicius\" title=\"Virginijus Sinkevi\u010dius\" class=\"ttl_link textTag_73221396\" target=\"_blank\" rel=\"noopener\">Virginijus Sinkevi\u010dius<\/a> (<a href=\"https:\/\/www.facebook.com\/virginijus.sinkevicius\/posts\/pfbid02u5ERyDKkw9CnNhhephEL1Y2wJoX3wcEeRSGkzE3wRLTSYAWywYpvVJ4gnWatPk3El?__cft__%5B0%5D=AZUxFti-C25jn3v-JsoroA_sPQbwL_3xgyZvKQn65DGW58XYhanAaPsG9ZQy_SsROf1ucmuMxxJ7eHtKxrdcjq-Be8Udjq2nr9VP0B3beaYjjPeXX_oz--FUIyvaSJddMr0&amp;__tn__=%2CO%2CP-R\" target=\"_self\" title=\"https:\/\/www.facebook.com\/virginijus.sinkevicius\/posts\/pfbid02u5ERyDKkw9CnNhhephEL1Y2wJoX3wcEeRSGkzE3wRLTSYAWywYpvVJ4gnWatPk3El?__cft__[0]=AZUxFti-C25jn3v-JsoroA_sPQbwL_3xgyZvKQn65DGW58XYhanAaPsG9ZQy_SsROf1ucmuMxxJ7eHtKxrdcjq-Be8Udjq2nr9VP0B3beaYjjPeXX_oz--FUIyvaSJddMr0&amp;__tn__=%2CO%2CP-R\" rel=\"noopener\">\u010dia<\/a>).<\/p>\n<p>Jei Seimui pavykt\u0173 priimti NT mokes\u010dio pakeitimus, kad ir kokie jie beb\u016bt\u0173, planuojama, kad jie \u012fsigaliot\u0173 nuo 2025 metais, o pirmasis mokestis u\u017e tuos metus bus mokamas 2026-aisiais.<\/p>\n<ul>\n<li>\u0160altiniai<\/li>\n<li><a href=\"https:\/\/e-seimas.lrs.lt\/portal\/legalAct\/lt\/TAP\/70e521c0104011ee9ac6bb8cb9c06455\" target=\"_self\" title=\"https:\/\/e-seimas.lrs.lt\/portal\/legalAct\/lt\/TAP\/70e521c0104011ee9ac6bb8cb9c06455\" rel=\"noopener\">Nekilnojamojo turto mokes\u010dio \u012fstatymo Nr. X-233 pakeitimo \u012fstatymo projektas (nauja redakcija)<\/a> ()<\/li>\n<li><a href=\"https:\/\/e-seimas.lrs.lt\/portal\/legalAct\/lt\/TAK\/da12a850733911eeadbcc0bf53e6c339?positionInSearchResults=38&amp;searchModelUUID=37d3cde5-78c0-4b35-aff1-13a4549cddf0\" target=\"_self\" title=\"https:\/\/e-seimas.lrs.lt\/portal\/legalAct\/lt\/TAK\/da12a850733911eeadbcc0bf53e6c339?positionInSearchResults=38&amp;searchModelUUID=37d3cde5-78c0-4b35-aff1-13a4549cddf0\" rel=\"noopener\">PASI\u016aLYMAI D\u0116L LIETUVOS RESPUBLIKOS NEKILNOJAMOJO TURTO MOKES\u010cIO \u012eSTATYMO NR. X-233 PAKEITIMO \u012eSTATYMO PROJEKTO (NAUJA REDAKCIJA) NR. XIVP-2932(3)<\/a><\/li>\n<li><a href=\"https:\/\/finmin.lrv.lt\/lt\/aktualus-valstybes-finansu-duomenys\/savivaldos-finansinio-savarankiskumo-didinimo-paketas\/kokio-dydzio-nekilnojamojo-turto-mokesti-reiketu-moketi\" target=\"_self\" title=\"https:\/\/finmin.lrv.lt\/lt\/aktualus-valstybes-finansu-duomenys\/savivaldos-finansinio-savarankiskumo-didinimo-paketas\/kokio-dydzio-nekilnojamojo-turto-mokesti-reiketu-moketi\" rel=\"noopener\">Kokio dyd\u017eio nekilnojamojo turto mokest\u012f reik\u0117t\u0173 mok\u0117ti?<\/a><\/li>\n<li><a href=\"https:\/\/www.facebook.com\/mindaugas.linge\/posts\/pfbid02P8gZRpvWmayoNdHGePmNREEmkEPgJ1Reto1b2MabQRh7krraUwXdxFBuNbU1ZZUZl?__cft__%5B0%5D=AZUPLyJ2triRKdDA1W6ecIMor9LCErTEx3f4IpPXQpsfSQIa4k_t4LNXWjarnmSvWqV5clwQ5EgmtZu1Q7LW8eSJKS6zQxTlgyGdxH-3pcY4eIMZZ5pa1boBgpRuX2xZfFjaWjigHPF7ZHbY8cGuTHaC-Nf3jiBSEmmiNVHXpxNrRA&amp;__tn__=%2CO%2CP-R\" target=\"_self\" title=\"https:\/\/www.facebook.com\/mindaugas.linge\/posts\/pfbid02P8gZRpvWmayoNdHGePmNREEmkEPgJ1Reto1b2MabQRh7krraUwXdxFBuNbU1ZZUZl?__cft__[0]=AZUPLyJ2triRKdDA1W6ecIMor9LCErTEx3f4IpPXQpsfSQIa4k_t4LNXWjarnmSvWqV5clwQ5EgmtZu1Q7LW8eSJKS6zQxTlgyGdxH-3pcY4eIMZZ5pa1boBgpRuX2xZfFjaWjigHPF7ZHbY8cGuTHaC-Nf3jiBSEmmiNVHXpxNrRA&amp;__tn__=%2CO%2CP-R\" rel=\"noopener\">Seimo Biud\u017eeto ir finans\u0173 komiteto pirmininko Mindaugo Ling\u0117s \u012fra\u0161as \u201eFacebook\u201c apie NT mokes\u010dio skai\u010diavimo tvark\u0105<\/a><\/li>\n<li><a href=\"https:\/\/commission.europa.eu\/system\/files\/2023-05\/COM_2023_615_1_LT.PDF\" target=\"_self\" title=\"https:\/\/commission.europa.eu\/system\/files\/2023-05\/COM_2023_615_1_LT.PDF\" rel=\"noopener\">EK rekomendacija d\u0117l Lietuvos 2023 m. nacionalin\u0117s reform\u0173 darbotvark\u0117s su Tarybos nuomone d\u0117l 2023 m. Lietuvos stabilumo programos<\/a><\/li>\n<li><a href=\"https:\/\/www.facebook.com\/virginijus.sinkevicius\/posts\/pfbid02u5ERyDKkw9CnNhhephEL1Y2wJoX3wcEeRSGkzE3wRLTSYAWywYpvVJ4gnWatPk3El?__cft__%5B0%5D=AZUxFti-C25jn3v-JsoroA_sPQbwL_3xgyZvKQn65DGW58XYhanAaPsG9ZQy_SsROf1ucmuMxxJ7eHtKxrdcjq-Be8Udjq2nr9VP0B3beaYjjPeXX_oz--FUIyvaSJddMr0&amp;__tn__=%2CO%2CP-R\" target=\"_self\" title=\"https:\/\/www.facebook.com\/virginijus.sinkevicius\/posts\/pfbid02u5ERyDKkw9CnNhhephEL1Y2wJoX3wcEeRSGkzE3wRLTSYAWywYpvVJ4gnWatPk3El?__cft__[0]=AZUxFti-C25jn3v-JsoroA_sPQbwL_3xgyZvKQn65DGW58XYhanAaPsG9ZQy_SsROf1ucmuMxxJ7eHtKxrdcjq-Be8Udjq2nr9VP0B3beaYjjPeXX_oz--FUIyvaSJddMr0&amp;__tn__=%2CO%2CP-R\" rel=\"noopener\">Eurokomisaro Virginijaus Sinkevi\u010diaus \u012fra\u0161as \u201eFacebook\u201c<\/a><\/li>\n<li><a href=\"https:\/\/www.delfi.lt\/verslas\/nekilnojamas-turtas\/nt-mokestis-i-ka-pavirto-po-pradiniu-siulymu-ir-kiek-dabar-tektu-moketi-94913273\" target=\"_self\" title=\"https:\/\/www.delfi.lt\/verslas\/nekilnojamas-turtas\/nt-mokestis-i-ka-pavirto-po-pradiniu-siulymu-ir-kiek-dabar-tektu-moketi-94913273\" rel=\"noopener\">NT mokestis: \u012f k\u0105 pavirto po pradini\u0173 si\u016blym\u0173 ir kiek dabar tekt\u0173 mok\u0117ti<\/a><\/li>\n<li><a href=\"https:\/\/www.delfi.lt\/video\/laidos\/is-esmes\/is-esmes-kas-mokes-nauja-nt-mokesti-94835427\" target=\"_self\" title=\"https:\/\/www.delfi.lt\/video\/laidos\/is-esmes\/is-esmes-kas-mokes-nauja-nt-mokesti-94835427\" rel=\"noopener\">I\u0161 esm\u0117s. Kas mok\u0117s nauj\u0105 NT mokest\u012f?<\/a><\/li>\n<\/ul>","protected":false},"featured_media":0,"template":"","meta":{"inline_featured_image":false,"ub_ctt_via":""},"class_list":["post-3295","fact","type-fact","status-publish","hentry"],"acf":[],"_links":{"self":[{"href":"https:\/\/digires.lt\/en\/wp-json\/wp\/v2\/fact\/3295","targetHints":{"allow":["GET"]}}],"collection":[{"href":"https:\/\/digires.lt\/en\/wp-json\/wp\/v2\/fact"}],"about":[{"href":"https:\/\/digires.lt\/en\/wp-json\/wp\/v2\/types\/fact"}],"wp:attachment":[{"href":"https:\/\/digires.lt\/en\/wp-json\/wp\/v2\/media?parent=3295"}],"curies":[{"name":"wp","href":"https:\/\/api.w.org\/{rel}","templated":true}]}}