{"id":2676,"date":"2023-02-22T21:20:00","date_gmt":"2023-02-22T21:20:00","guid":{"rendered":"https:\/\/digires.lt\/fact\/ar-tiesa-kad-bidenas-po-susitikimo-su-zurnalistais-netycia-issidave-snekejes-nesamones\/"},"modified":"2023-03-13T09:36:45","modified_gmt":"2023-03-13T09:36:45","slug":"ar-tiesa-kad-bidenas-po-susitikimo-su-zurnalistais-netycia-issidave-snekejes-nesamones","status":"publish","type":"fact","link":"https:\/\/digires.lt\/en\/fact\/ar-tiesa-kad-bidenas-po-susitikimo-su-zurnalistais-netycia-issidave-snekejes-nesamones\/","title":{"rendered":"Ar tiesa, kad Bidenas po susitikimo su \u017eurnalistais nety\u010dia i\u0161sidav\u0117 \u0161nek\u0117j\u0119s nes\u0105mones?"},"content":{"rendered":"\n<p>Socialiniuose tinkluose plinta trumpas vaizdo \u012fra\u0161as, kuriame matomas spaudos konferencijoje dalyvaujantis JAV prezidentas Joe Bidenas, kuris, \u012fra\u0161u pasidalinusi\u0173j\u0173 teigimu, pamir\u0161ta laiku i\u0161jungti mikrofon\u0105 ir nevalingai prisipa\u017e\u012fsta \u0161nek\u0117j\u0119s nes\u0105mones. \u201eMelo detektorius\u201c i\u0161siai\u0161kino, kad \u012fra\u0161o pabaiga buvo pakoreguota ir i\u0161 ties\u0173 jame girdim\u0173 fraz\u0117s JAV vadovas nesak\u0117.<\/p>\n\n\n<p><iframe loading=\"lazy\" src=\"https:\/\/g.delfi.lt\/projektai\/melo-detektorius\/i\/polygraph\/?type=1&amp;v1\" width=\"100%\" height=\"96px\" frameborder=\"0\" data-mce-fragment=\"1\"><\/iframe><\/p>\n<div class=\"article-md-facts teiginiai\">\n<div class=\"title\">\u00a0<\/div>\n<\/div>\n<h4>Teiginiai<\/h4>\n<p>J. Bidenas po spaudos konferencijos pamir\u0161o i\u0161jungti mikrofon\u0105 ir buvo i\u0161girstas prisipa\u017e\u012fstantis \u017eurnalistams sak\u0119s nes\u0105mones (<a href=\"https:\/\/web.archive.org\/web\/20230222191219\/https:\/\/video-cdg2-1.xx.fbcdn.net\/v\/t39.25447-2\/332775417_628360199300881_7998788998769390311_n.mp4?_nc_cat=111&amp;vs=852d86bc4a63811e&amp;_nc_vs=HBksFQAYJEdQbS0xUk1SWjNpQ2ZUc0NBT2V5OHdnM2FBRnZibWRqQUFBRhUAAsgBABUAGCRHTDhVeEJQTDNVaHZrVDhEQU9IMVZVc040SzVsYnJGcUFBQUYVAgLIAQBLB4gScHJvZ3Jlc3NpdmVfcmVjaXBlATENc3Vic2FtcGxlX2ZwcwAQdm1hZl9lbmFibGVfbnN1YgAgbWVhc3VyZV9vcmlnaW5hbF9yZXNvbHV0aW9uX3NzaW0AKGNvbXB1dGVfc3NpbV9vbmx5X2F0X29yaWdpbmFsX3Jlc29sdXRpb24AHXVzZV9sYW5jem9zX2Zvcl92cW1fdXBzY2FsaW5nABFkaXNhYmxlX3Bvc3RfcHZxcwAVACUAHAAAJqb2y%2ByZ8dwEFQIoAkMzGAt2dHNfcHJldmlldxwXQDOIcrAgxJwYJ2Rhc2hfcjJfYXZjX2dlbjFhdmNfbGNfcTcwX2ZyYWdfMl92aWRlbxIAGBh2aWRlb3MudnRzLmNhbGxiYWNrLnByb2Q4ElZJREVPX1ZJRVdfUkVRVUVTVBsKiBVvZW1fdGFyZ2V0X2VuY29kZV90YWcGb2VwX3NkE29lbV9yZXF1ZXN0X3RpbWVfbXMBMAxvZW1fY2ZnX3J1bGUKc2RfdW5tdXRlZBNvZW1fcm9pX3JlYWNoX2NvdW50BDIzMDcRb2VtX2lzX2V4cGVyaW1lbnQADG9lbV92aWRlb19pZA85MTE5MDQxNzAwMDMwNjgSb2VtX3ZpZGVvX2Fzc2V0X2lkDzk0OTg3MzQxNjM5MDE0ORVvZW1fdmlkZW9fcmVzb3VyY2VfaWQQMTMzMDE1NDg0MDg4MjU3ORxvZW1fc291cmNlX3ZpZGVvX2VuY29kaW5nX2lkDzY5MTMwOTk2OTM0MzA4Nw52dHNfcmVxdWVzdF9pZAAlAhwAJcQBGweIAXMENTA2NQJjZAoyMDIzLTAyLTIyA3JjYgQyMzAwA2FwcBRGYWNlYm9vayBmb3IgQW5kcm9pZAJjdBlDT05UQUlORURfUE9TVF9BVFRBQ0hNRU5UE29yaWdpbmFsX2R1cmF0aW9uX3MJMTkuNTMzMzMzAnRzFHByb2dyZXNzaXZlX29yZGVyaW5nAA%3D%3D&amp;ccb=1-7&amp;_nc_sid=189a0e&amp;efg=eyJ2ZW5jb2RlX3RhZyI6Im9lcF9zZCJ9&amp;_nc_ohc=N2-V5PRW3OIAX-0pVVi&amp;_nc_ht=video-cdg2-1.xx&amp;oh=00_AfC2Bsl9ceaUikNKkT96XWBOVcW3caE4DDUWmJlUPRz4gw&amp;oe=63FC1F4F&amp;_nc_rid=347472087835513\" target=\"_blank\" rel=\"noopener\">\u010cIA<\/a>).<\/p>\n<h4>Verdiktas<\/h4>\n<p>Netiesa. J. Bidenas nebuvo pri\u010diuptas prisipa\u017e\u012fstantis \u0161nek\u0117j\u0119s \u017eurnalistams nes\u0105mones, o jo asistentas netvirtino, kad jie gali patik\u0117ti viskuo. Spaudos konferencijoje JAV vadovas kalb\u0117jo prie podiumo, ant kurio buvo pritvirtinti du mikrofonai, taigi, jam nu\u0117jus nuo scenos jokios priva\u010diai pasakytos replikos neb\u016bt\u0173 girdimos net jei mikrofonai b\u016bt\u0173 nei\u0161jungti. Be to, Baltieji r\u016bmai pateikia vie\u0161\u0173 prezidento parei\u0161kim\u0173 i\u0161ra\u0161us, kuriuose u\u017efiksuojamos visos pasakytos replikos ir juose tokios fraz\u0117s n\u0117ra girdimos. Prie\u0161 nueidamas nuo scenos J. Bidenas supeik\u0117 \u017eurnalistus d\u0117l mandagumo stokos. Tai buvo paskutin\u0117 \u012fra\u0161e girdima fraz\u0117.<\/p>\n<h4>Melo detektoriaus komentaras<\/h4>\n<p>Socialiniuose tinkluose patalpintas keli\u0173 sekund\u017ei\u0173 trukm\u0117s vaizdo \u012fra\u0161as, kuriame nufilmuotas JAV prezidentas, dalyvaujantis spaudos konferencijoje. \u012era\u0161u pasidalin\u0119 vartotojai tvirtina es\u0105 J. Bidenas nueidamas nuo scenos pamir\u0161o i\u0161jungti mikrofon\u0105 ir jam u\u017e\u0117jus u\u017e u\u017euolaidos buvo prigautas prisipa\u017e\u012fstantis \u017einiasklaidai kalb\u0117j\u0119s nes\u0105mones.<img loading=\"lazy\" decoding=\"async\" src=\"https:\/\/g.dcdn.lt\/images\/pix\/klaidinanti-zinute-92622091.jpg\" width=\"600\" height=\"600\" \/><\/p>\n<p>Paskutin\u0117 prezidento replika, girdima \u0161iam kalbant \u012f mikrofon\u0105 \u012fra\u0161o prad\u017eioje yra \u0161i (aut. past. \u2013 pateikiame replikos vertim\u0105 i\u0161 angl\u0173 \u012f lietuvi\u0173 kalb\u0105): \u201eDabartiniu \u017evalgybos bendruomen\u0117s vertinimu, \u0161ie trys objektai grei\u010diausiai buvo oro balionai, susieti su priva\u010diomis bendrov\u0117mis, poilsio ar mokslini\u0173 tyrim\u0173 institucijomis, tirian\u010diomis orus ar atliekan\u010diomis kitus mokslinius tyrimus.\u201c<br \/>Po jos pasipila \u017eurnalist\u0173 klausimai, kuriuos sunku identifikuoti, nes klausian\u010di\u0173j\u0173 balsai tarpusavyje persipina, o klausimai taip pat u\u017eduodami neri\u0161liai. J. Bidenas pasitraukia u\u017e \u0161irmos, kur gird\u0117ti neva jam priskiriamas balsas, sakantis \u201eKaip manai, ar kas nors patik\u0117jo \u0161ia nes\u0105mone?\u201c ir asistento replika \u201eAbsoliu\u010diai. Jie patik\u0117s bet kuo.\u201c Galiausiai v\u0117l girdimas neva J. Bideno balsas, sakantis \u201eDingstam i\u0161 \u010dia\u201c.<\/p>\n<p>Paskutin\u0117je \u012fra\u0161o dalyje parodoma skaidr\u0117, kurioje \u012fra\u0161yta, i\u0161 kurios spaudos konferencijos paimta \u0161i i\u0161karpa. Tai \u2013 kadrai i\u0161 vasario 16 d. J. Bideno \u017eurnalistams pateikt\u0173 \u012f\u017evalg\u0173 d\u0117l JAV atsako \u012f neseniai ore pasteb\u0117tus \u012ftratintus objektus.<\/p>\n<p>Susitikimas buvo surengtas po to, kai anks\u010diau \u0161\u012f m\u0117nes\u012f JAV karo l\u0117ktuvas vir\u0161 Atlanto vandenyno numu\u0161\u0117 Kinijos auk\u0161tumin\u012f oro balion\u0105, perskridus\u012f vis\u0105 JAV teritorij\u0105 ir suk\u0117lus\u012f abiej\u0173 \u0161ali\u0173 diplomatin\u0119 nesantaik\u0105, o v\u0117liau, vasario m\u0117nesio viduryje, buvo numu\u0161ti dar trys ne\u017einomi objektai \u2013 vir\u0161 Aliaskos, Kanados ir Hurono e\u017eero JAV Vidurio Vakaruose. Spaudos konferencijos metu J. Bidenas patvirtino dav\u0119s \u012fsakymus numu\u0161ti \u0161iuos objektus bei paai\u0161kino, kad grei\u010diausiai jie n\u0117ra susij\u0119 su Kinijos ar kokios nors kitos \u0161alies \u0161nipin\u0117jimo \u012frenginiais.<\/p>\n<p>\u201eDabartiniu \u017evalgybos bendruomen\u0117s vertinimu, \u0161ie trys objektai grei\u010diausiai buvo oro balionai, susieti su priva\u010diomis bendrov\u0117mis, poilsio ar mokslini\u0173 tyrim\u0173 institucijomis, tirian\u010diomis orus ar atliekan\u010diomis kitus mokslinius tyrimus\u201c, \u2013 konferencijoje paai\u0161kino J. Bidenas.<\/p>\n<p>Viso susitikimo su \u017einiasklaida \u012fra\u0161\u0105 galima rasti JAV Balt\u0173j\u0173 r\u016bm\u0173 \u201eYoutube\u201c paskyroje, be to, susitikimas, kaip ir kiti vie\u0161i J. Bideno pasirodymai, buvo dokumentuojamas ir t\u0105 pa\u010di\u0105 dien\u0105 i\u0161publikuotas Balt\u0173j\u0173 r\u016bm\u0173 interneto svetain\u0117je. Joje skelbiamas neredaguotas tiek J. Bideno, tiek susitikimo metu pasisakiusi\u0173 \u017eurnalist\u0173 kalb\u0173 i\u0161ra\u0161as. Nei jame, nei \u201eYoutube\u201c publikuotame \u012fra\u0161e n\u0117ra girdimos fraz\u0117s, neva J. Bideno pasakytos b\u016bnant u\u017e \u0161irmos. Paskutin\u0117 JAV vadovo i\u0161tarta fraz\u0117 yra atkirtis vienas per kit\u0105 komentarus liejantiems \u017eurnalistams, kuriems jis atkerta: \u201eGalite ateiti \u012f mano kabinet\u0105 ir u\u017eduoti klausim\u0105, kai tur\u0117site mandagesni\u0173 \u017emoni\u0173\u201c. \u0160i\u0105 replik\u0105 taip pat palydi neai\u0161kus \u017eurnalist\u0173 murm\u0117jimas ir papildomi klausimai, \u012f kuriuos nueinantis J. Bidenas jau neatsako.<\/p>\n<p>Dar viena detal\u0117, \u012frodanti, kad socialini\u0173 vartotoj\u0173 paskleista informacija es\u0105 JAV vadovas nei\u0161sijung\u0117 mikrofono ir pasak\u0117 tai, ko netur\u0117jo i\u0161girsti auditorija, yra klaidinga \u2013 faktas, kad J. Bidenas viso susitikimo su \u017einiasklaida metu kalb\u0117jo nuo podiumo, prie kurio buvo pritvirtinti du mikrofonai. Taigi, net jei mikrofonai d\u0117l koki\u0173 nors prie\u017eas\u010di\u0173 neb\u016bt\u0173 buv\u0119 i\u0161jungti prezidentui baigus kalb\u0105, niekas neb\u016bt\u0173 gird\u0117j\u0119s, k\u0105 J. Bidenas kalb\u0117jo pasitrauk\u0119s nuo scenos, veikiau b\u016bt\u0173 girdimi sal\u0117je lik\u0119 prezidento klausytojai.<\/p>\n<ul>\n<li>\u0160altiniai<\/li>\n<li><a href=\"https:\/\/www.whitehouse.gov\/briefing-room\/speeches-remarks\/2023\/02\/16\/remarks-by-president-biden-on-the-united-states-response-to-recent-aerial-objects\/\" target=\"_blank\" rel=\"noopener\">Remarks by President Biden on the United States\u2019 Response to Recent Aerial Objects (vaizdo \u012fra\u0161o i\u0161ra\u0161as)<\/a><\/li>\n<li><a href=\"https:\/\/www.youtube.com\/watch?v=rEibBLZXweA&amp;ab_channel=TheWhiteHouse\" target=\"_blank\" rel=\"noopener\">President Biden Delivers Remarks on the United States\u2019 Response to Recent Aerial Objects (vaizdo \u012fra\u0161as)<\/a><\/li>\n<li><a href=\"https:\/\/www.france24.com\/en\/americas\/20230216-us-developing-sharper-rules-to-counter-unknown-aerial-objects-says-biden\" target=\"_blank\" rel=\"noopener\">US developing &#8216;sharper rules&#8217; to counter unknown aerial objects, says Biden<\/a><\/li>\n<li><a href=\"https:\/\/www.france24.com\/en\/americas\/20230204-flights-grounded-as-us-says-it-will-take-care-of-suspected-chinese-spy-balloon\" target=\"_blank\" rel=\"noopener\">US shoots down suspected Chinese spy balloon over Atlantic Ocean<\/a><\/li>\n<li><a href=\"https:\/\/www.theguardian.com\/us-news\/2023\/feb\/04\/chinese-spy-balloon-shot-down-us\" target=\"_blank\" rel=\"noopener\">US shoots down suspected Chinese spy balloon over east coast<\/a><\/li>\n<li><a href=\"https:\/\/www.npr.org\/2023\/02\/16\/1157530528\/biden-remarks-unidentified-aerial-objects-balloon\" target=\"_blank\" rel=\"noopener\">Biden says the 3 aerial objects shot down were not Chinese spy balloons<\/a><\/li>\n<\/ul>","protected":false},"featured_media":0,"template":"","meta":{"inline_featured_image":false,"ub_ctt_via":""},"class_list":["post-2676","fact","type-fact","status-publish","hentry"],"acf":[],"_links":{"self":[{"href":"https:\/\/digires.lt\/en\/wp-json\/wp\/v2\/fact\/2676","targetHints":{"allow":["GET"]}}],"collection":[{"href":"https:\/\/digires.lt\/en\/wp-json\/wp\/v2\/fact"}],"about":[{"href":"https:\/\/digires.lt\/en\/wp-json\/wp\/v2\/types\/fact"}],"wp:attachment":[{"href":"https:\/\/digires.lt\/en\/wp-json\/wp\/v2\/media?parent=2676"}],"curies":[{"name":"wp","href":"https:\/\/api.w.org\/{rel}","templated":true}]}}