{"id":2212,"date":"2021-11-24T17:54:00","date_gmt":"2021-11-24T17:54:00","guid":{"rendered":"https:\/\/digires.lt\/fact\/apsmeize-mirusi-gydytoja-jis-nelaike-vakcinu-biologiniu-ginklu\/"},"modified":"2023-01-13T14:55:33","modified_gmt":"2023-01-13T14:55:33","slug":"apsmeize-mirusi-gydytoja-jis-nelaike-vakcinu-biologiniu-ginklu","status":"publish","type":"fact","link":"https:\/\/digires.lt\/en\/fact\/apsmeize-mirusi-gydytoja-jis-nelaike-vakcinu-biologiniu-ginklu\/","title":{"rendered":"Ap\u0161mei\u017e\u0117 mirus\u012f gydytoj\u0105: jis nelaik\u0117 vakcin\u0173 \u201ebiologiniu ginklu\u201c"},"content":{"rendered":"\n<p>\u012e \u201eMelo detektoriaus\u201c akirat\u012f pateko internete cirkuliuojantys prane\u0161imai apie gydytojo i\u0161 Vokietijos mirt\u012f. Juose teigiama, es\u0105 Chemnico miesto klinikos vadovas pomirtiniame lai\u0161ke ai\u0161kino daugiau nebegalintis dalyvauti genocide, kur\u012f, es\u0105, suk\u0117l\u0117 COVID-19 vakcinos. \u0160i informacija \u2013 melaginga.<\/p>\n\n\n<p><iframe loading=\"lazy\" src=\"https:\/\/g.delfi.lt\/projektai\/melo-detektorius\/i\/polygraph\/?type=1&amp;v1\" frameborder=\"0\" width=\"100%\" height=\"96px\"><\/iframe><\/p>\n<p>Lapkri\u010dio 22 d. tokio turinio \u017einute lietuvi\u0161kai pasidalinta ir melagien\u0173 skleidimu gars\u0117jan\u010diame portale bukimevieningi.lt.<\/p>\n<p>Straipsnyje ra\u0161oma apie tai, kad tragi\u0161kai mir\u0119s gydytojas po mirties paliko lai\u0161k\u0105, kuriame prisipa\u017eino nebegalintis pak\u0119sti \u201enuolatinio melo ir suk\u010diavimo d\u0117l tariamai nekenksming\u0173 skiep\u0173\u201c, susijusi\u0173 su \u201eXX\u201c.<\/p>\n<p> <img loading=\"lazy\" decoding=\"async\" src=\"https:\/\/g.dcdn.lt\/images\/pix\/melaginga-zinute-88766881.jpg\" width=\"600\" height=\"600\"> <\/p>\n<p>Taip pat priduriama, es\u0105 medikas \u201ea\u0161triai kritikavo vyriausyb\u0117s informacin\u0119 politik\u0105 d\u0117l skiep\u0173 keliam\u0105 pavoj\u0173\u201c bei \u201egrie\u017etai smerk\u0117 gyventoj\u0173 skiepijim\u0105 eksperimentine ir mirtina XX <a href=\"http:\/\/www.delfi.lt\/temos\/vakcina\" title=\"vakcina\" class=\"ttl_link textTag_59900643\" target=\"_blank\" rel=\"noopener\">vakcina<\/a>, kuri i\u0161 tikr\u0173j\u0173 palei j\u012f yra biologinis ginklas. Jo nuomone, tai genocidas ir nusikaltimas \u017emonijai.\u201c<\/p>\n<p>N\u0117 vienas \u0161i\u0173 teigini\u0173 n\u0117ra teisingas, nes, remiantis \u012fvairi\u0173 \u0161altini\u0173 duomenimis, Th. Jendgesas nepaliko jokio pomirtinio lai\u0161ko. \u0160i\u0105 informacij\u0105 \u017einiasklaidos priemon\u0117ms patvirtino Chemnico miesto savivaldyb\u0117 ir vietos policija (<a href=\"https:\/\/www.20minutes.fr\/monde\/3175727-20211118-coronavirus-allemagne-non-medecin-laisse-lettre-adieu-denoncer-vaccination\" target=\"_blank\" rel=\"noopener\">pav. 1<\/a>, <a href=\"https:\/\/www.newtral.es\/suicidio-director-clinica-alemania-thomas-jendges-mentiras-vacuna-covid\/20211122\/\" target=\"_blank\" rel=\"noopener\">pav. 2<\/a>, <a href=\"https:\/\/dpa-factchecking.com\/germany\/211108-99-915822\/\" target=\"_blank\" rel=\"noopener\">pav. 3<\/a>).<\/p>\n<p>Be to, Chemnico klinikos vadovas nebuvo nusistat\u0119s prie\u0161 skiepus nuo COVID-19, o, atvirk\u0161\u010diai, vie\u0161ai palaik\u0117 vakcinacij\u0105 nuo viruso. Th. Jendgesas, <a href=\"https:\/\/www.freiepresse.de\/chemnitz\/klinikum-chemnitz-nach-impf-auftakt-in-der-kritik-artikel11270645\" target=\"_blank\" rel=\"noopener\">\u201eFreiepresse\u201c teigimu<\/a>, buvo vienas pirm\u0173j\u0173 klinikoje pasiskiepijusi\u0173 medik\u0173, skiep\u0105 nuo COVID-19 jis gavo dar 2020 met\u0173 gruod\u017eio pabaigoje.<\/p>\n<p>Taip pat \u0161i\u0173 met\u0173 rugpj\u016b\u010dio 31 d. buvo i\u0161platintas prane\u0161imas spaudai apie Chemnico klinikoje atidarom\u0105 vakcinacijos centr\u0105. Prane\u0161ime pateikiama Th. Jendgeso citata: \u201eSi\u016blydami skiepytis mes norime dar labiau pa\u017eaboti koronaviruso pandemij\u0105 mieste. Vakcinacija reik\u0161mingai suma\u017eina infekcijos ir \u016bmaus susirgimo SARS-Cov-2 virusu rizik\u0105. \u0160tai kod\u0117l esame laimingi gal\u0117dami pasi\u016blyti vakcinacijos galimyb\u0119\u201c.<\/p>\n<p><strong>I\u0161vados<\/strong><\/p>\n<p>Lapkri\u010dio 2 d. mir\u0119s Chemnico klinikos vadovas Thomas Jendgesas nepaliko pomirtinio lai\u0161ko, kuriame b\u016bt\u0173 skleid\u017eiamos prie\u0161 skiepus nuo COVID-19 nutaikytos id\u0117jos. \u0160is medikas ne tik vienas pirm\u0173j\u0173 klinikoje pasiskiepijo nuo viruso, bet ir palaik\u0117 vakcinacijos kampanij\u0105, pripa\u017eindamas vakcin\u0173 teikiam\u0105 naud\u0105 vie\u0161ai.<\/p>\n<ul>\n<li>\u0160altiniai<\/li>\n<li><a href=\"https:\/\/www.klinikumchemnitz.de\/fileadmin\/user_upload\/Aktuelles\/Pressemitteilungen\/Pressemitteilungen\/2021_08_31_PI_derStadtChemnitz_Zentrale_Impfstelle_in_Chemnitz_ab_Oktober.pdf\" target=\"_blank\" rel=\"noopener\">Klinikum Chemnitz und Gesundheitsamt etablieren Standort am Klinikum; klinikumchemnitz.de<\/a><\/li>\n<li><a href=\"https:\/\/www.bild.de\/regional\/chemnitz\/chemnitz-news\/trauer-um-dr-thomas-jendges-chemnitzer-klinik-chef-stuerzt-in-den-tod-78126224.bild.html#fromWall\" target=\"_blank\" rel=\"noopener\">Chemnitzer Klinik-Chef st\u00fcrzt in den Tod; bild.de<\/a><\/li>\n<li><a href=\"https:\/\/www.freiepresse.de\/chemnitz\/klinikum-chemnitz-nach-impf-auftakt-in-der-kritik-artikel11270645\" target=\"_blank\" rel=\"noopener\">Klinikum Chemnitz nach Impf-Auftakt in der Kritik; freiepresse.de<\/a><\/li>\n<li><a href=\"https:\/\/www.newtral.es\/suicidio-director-clinica-alemania-thomas-jendges-mentiras-vacuna-covid\/20211122\/\" target=\"_blank\" rel=\"noopener\">Es falso que Thomas Jendges, director de una cl\u00ednica en Alemania, dejara una nota de suicido denunciando \u201clas mentiras sobre la vacuna\u201d; newtral.es<\/a><\/li>\n<li><a href=\"https:\/\/dpa-factchecking.com\/germany\/211108-99-915822\/\" target=\"_blank\" rel=\"noopener\">Tod von Chemnitzer Klinikchef f\u00fcr Hetze gegen Corona-Impfungen missbraucht; dpa-factchecking.com<\/a><\/li>\n<li><a href=\"https:\/\/www.mimikama.at\/aktuelles\/thomas-jendges-faktencheck\/\" target=\"_blank\" rel=\"noopener\">Der Tod des Chemnitzer Klinikum-Gesch\u00e4ftsf\u00fchrers Thomas Jendges; mimikama.at<\/a><\/li>\n<li><a href=\"https:\/\/ku-gesundheitsmanagement.de\/2021\/11\/03\/nachruf-dr-thomas-jendges\/\" target=\"_blank\" rel=\"noopener\">Die Stadt Chemnitz zum tragischen Vorfall; ku-gesundheitsmanagement.de<\/a><\/li>\n<li><a href=\"https:\/\/www.20minutes.fr\/monde\/3175727-20211118-coronavirus-allemagne-non-medecin-laisse-lettre-adieu-denoncer-vaccination\" target=\"_blank\" rel=\"noopener\">Coronavirus en Allemagne : Non, ce m\u00e9decin n&#8217;a pas laiss\u00e9 de lettre d&#8217;adieu pour d\u00e9noncer la vaccination; 20minutes.fr<\/a><\/li>\n<\/ul>","protected":false},"featured_media":0,"template":"","meta":{"inline_featured_image":false,"ub_ctt_via":""},"class_list":["post-2212","fact","type-fact","status-publish","hentry"],"acf":[],"_links":{"self":[{"href":"https:\/\/digires.lt\/en\/wp-json\/wp\/v2\/fact\/2212","targetHints":{"allow":["GET"]}}],"collection":[{"href":"https:\/\/digires.lt\/en\/wp-json\/wp\/v2\/fact"}],"about":[{"href":"https:\/\/digires.lt\/en\/wp-json\/wp\/v2\/types\/fact"}],"wp:attachment":[{"href":"https:\/\/digires.lt\/en\/wp-json\/wp\/v2\/media?parent=2212"}],"curies":[{"name":"wp","href":"https:\/\/api.w.org\/{rel}","templated":true}]}}