{"id":2211,"date":"2021-11-25T18:42:00","date_gmt":"2021-11-25T18:42:00","guid":{"rendered":"https:\/\/digires.lt\/fact\/netiesa-kad-austrijos-kariuomene-ir-policija-palaike-protesta-pries-skiepus-ir-karantino-ivedima\/"},"modified":"2023-01-13T15:00:55","modified_gmt":"2023-01-13T15:00:55","slug":"netiesa-kad-austrijos-kariuomene-ir-policija-palaike-protesta-pries-skiepus-ir-karantino-ivedima","status":"publish","type":"fact","link":"https:\/\/digires.lt\/en\/fact\/netiesa-kad-austrijos-kariuomene-ir-policija-palaike-protesta-pries-skiepus-ir-karantino-ivedima\/","title":{"rendered":"Netiesa, kad Austrijos kariuomen\u0117 ir policija palaik\u0117 protest\u0105 prie\u0161 skiepus ir karantino \u012fvedim\u0105"},"content":{"rendered":"\n<p>Lapkri\u010dio 20 d. Austrijoje ma\u017edaug 35 t\u016bkst. \u017emoni\u0173 u\u017epl\u016bdo gatves, protestuodami prie\u0161 vyriausyb\u0117s planus \u012fvesti privalomus skiepus nuo COVID-19 ir art\u0117jant\u012f visuotin\u012f karantin\u0105, kuris palies ir pasiskiepijusius ir skiepo negavusius \u0161alies gyventojus. Dar iki \u012fvykstant protesto akcijai ir po jos socialiniuose tinkluose pasirod\u0117 klaiding\u0173 prane\u0161im\u0173, es\u0105 \u0161i\u0105 prie\u0161 pandeminius suvar\u017eymus ir skiepus nutaikyt\u0105 akcij\u0105 palaik\u0117 \u0161alies policija ir kariuomen\u0117.<\/p>\n\n\n<p><iframe loading=\"lazy\" src=\"https:\/\/g.delfi.lt\/projektai\/melo-detektorius\/i\/polygraph\/?type=1&amp;v1\" frameborder=\"0\" width=\"100%\" height=\"96px\"><\/iframe><\/p>\n<p>Socialiniuose tinkluose protesto dien\u0105 pasirod\u0117 \u017einu\u010di\u0173, es\u0105 prie mitinguotoj\u0173 prisijungia policijos paj\u0117gos ir kariuomen\u0117, kurie \u017eygiuos kartu su minia. Taip pat buvo skleid\u017eiamos \u017einut\u0117s, es\u0105 policija bei kariuomen\u0117 atsisako tikrinti dalyvi\u0173 skiep\u0173 pasus, tokiu b\u016bdu palaikydami prie\u0161 vakcinacij\u0105 nusiteikusius asmenis. Protestui jau \u012fvykus \u0161ie pasakojimai papildyti vaizdo \u012fra\u0161ais, kuriuose u\u017efiksuoti plakatais su tekstu \u201eGana! Policininkai \u2013 u\u017e teis\u0119 \u012f laisv\u0119\u201c ir pana\u0161iais u\u017era\u0161ais ne\u0161ini civiliais drabu\u017eiais apsireng\u0119 vyrai. Vaizdo \u012fra\u0161ai pasitelkti \u012frodyti, es\u0105 pareig\u016bnai i\u0161 tikr\u0173j\u0173 palaik\u0117 protesto dalyvius, nors i\u0161 ties\u0173 viskas buvo \u2013 ne taip.<\/p>\n<p>I\u0161 ties\u0173, prie to, kad protestas \u012fvykt\u0173 smarkiai prisid\u0117jo Austrijos kra\u0161tutini\u0173 de\u0161ini\u0173j\u0173 partija FP\u00d6 ir grup\u0117 pavadinimu \u201eAustrijos laisvoji profesin\u0117 s\u0105junga \u2013 kariuomen\u0117s s\u0105junga\u201c (\u201eFG\u00d6-BHG\u201c). \u0160i grup\u0117 \u2013 organizacijos, pavadinimu \u201eLaisvoji Austrijos s\u0105junga\u201c dalis. Organizacija pristato save, kaip \u201edemokrati\u0161kai organizuot\u0105 darbinink\u0173 asociacij\u0105\u201c, ta\u010diau teisi\u0161kai ji n\u0117ra pripa\u017e\u012fstama kaip profesin\u0117 s\u0105junga, o yra laikoma priva\u010dia iniciatyva. Taip organizacijos status\u0105 <a href=\"https:\/\/twitter.com\/Bundesheerbauer\/status\/1460224462918406144\" target=\"_blank\" rel=\"noopener\">savo \u201eTwitter\u201c paskyroje paai\u0161kino<\/a> Austrijos saugumo ministras Michaelis Baueris.<\/p>\n<blockquote class=\"twitter-tweet\">\n<p lang=\"de\" dir=\"ltr\">\u201eGewerkschaftliche Betriebsaussch\u00fcsse\u201c des Vereins FG\u00d6 sind private Initiativen von Bediensteten des BMLV. Bei der FG\u00d6 handelt es sich um keine Organe der Personalvertretung im Sinne des Bundes-Personalvertretungsgesetzes.&#8221; <a href=\"https:\/\/twitter.com\/hashtag\/Bundesheer?src=hash&amp;ref_src=twsrc%5Etfw\">#Bundesheer<\/a> <a href=\"https:\/\/t.co\/em4uisZD7t\">pic.twitter.com\/em4uisZD7t<\/a><\/p>\n<p>\u2014 Michael Bauer (@Bundesheerbauer) <a href=\"https:\/\/twitter.com\/Bundesheerbauer\/status\/1460224462918406144?ref_src=twsrc%5Etfw\">November 15, 2021<\/a><\/p><\/blockquote>\n<p> <script async=\"\" src=\"https:\/\/platform.twitter.com\/widgets.js\" charset=\"utf-8\" type=\"text\/javascript\"><\/script> <\/p>\n<p>Taigi, nepaisant to, kad \u0161ios organizacijos pavadinime fig\u016bruoja \u017eodis \u201ekariuomen\u0117\u201c, tai \u2013 privati organizacija, atspindinti tik jos dalyvi\u0173, o ne kariuomen\u0117s institucijos interesus. Austrijos saugumo ministras <a href=\"https:\/\/twitter.com\/Bundesheerbauer\/status\/1460986987779956736?ref_src=twsrc%5Etfw%7Ctwcamp%5Etweetembed%7Ctwterm%5E1460986987779956736%7Ctwgr%5E%7Ctwcon%5Es1_&amp;ref_url=https%3A%2F%2Ffactuel.afp.com%2Fhttp253A252F252Fdoc.afp.com252F9RY6NG-1\" target=\"_blank\" rel=\"noopener\">kitoje \u201eTwitter\u201c paskyros \u017einut\u0117je<\/a> taip pat patvirtino, kad bandymai susieti kariuomen\u0119 su lapkri\u010dio 20 d. vykusiu protestu yra neteisingi. \u201eMes nepalaikome protest\u0173, nekvie\u010diame juose dalyvauti ir patys nedalyvaujame. Uniformuotiems kari\u0161kiams dalyvauti [protestuose] neleid\u017eiama\u201c, \u2013 ra\u0161\u0117 M. Baueris.<\/p>\n<blockquote class=\"twitter-tweet\">\n<p lang=\"de\" dir=\"ltr\">Auf Twitter kursiert 1 Aufruf zu 1 Demonstration. Dabei wird versucht, einen Zusammenhang mit dem <a href=\"https:\/\/twitter.com\/hashtag\/Bundesheer?src=hash&amp;ref_src=twsrc%5Etfw\">#Bundesheer<\/a> herzustellen. Das ist irref\u00fchrend. Wir unterst\u00fctzen keine Demonstrationen, rufen zu keiner auf und nehmen an keiner teil. Soldaten d\u00fcrfen in Uniform nicht teilnehmen.<\/p>\n<p>\u2014 Michael Bauer (@Bundesheerbauer) <a href=\"https:\/\/twitter.com\/Bundesheerbauer\/status\/1460986987779956736?ref_src=twsrc%5Etfw\">November 17, 2021<\/a><\/p><\/blockquote>\n<p> <script async=\"\" src=\"https:\/\/platform.twitter.com\/widgets.js\" charset=\"utf-8\" type=\"text\/javascript\"><\/script> <\/p>\n<p>Kaip v\u0117liau fakt\u0173 tikrinimo iniciatyvai <a href=\"https:\/\/factuel.afp.com\/http%253A%252F%252Fdoc.afp.com%252F9RY6NG-1\" target=\"_blank\" rel=\"noopener\">\u201eAFP\u201c prane\u0161\u0117 Austrijos policijos atstovai<\/a>, policija taip pat ner\u0117m\u0117 protesto dalyvi\u0173, o pareig\u016bnai akcijoje tik u\u017etikrino vie\u0161osios tvarkos laikym\u0105si, steb\u0117jo, ar neatliekami pa\u017eeidimai. Vienos policijos atstov\u0117 \u017eurnalistus patikino, kad Vienos policija niekada nerei\u0161kia savo politini\u0173 pa\u017ei\u016br\u0173, o teiginiai, es\u0105 policija palaiko protestus, yra klaidingi.<\/p>\n<p>Portalas \u201eDiePresse\u201c taip pat atkreip\u0117 d\u0117mes\u012f \u012f minioje pasirod\u017eiusius plakatus, kuriuose kalbama policijos pareig\u016bn\u0173 vardu, i\u0161rei\u0161kiant palaikym\u0105 protesto dalyviams ir skleid\u017eiant pasiprie\u0161inimo vyriausybei id\u0117j\u0105. Pirminiais duomenimis paai\u0161k\u0117jo, kad tokius plakatus ne\u0161\u0119 asmenys gali b\u016bti Vokietijos pilie\u010diai, su \u0161iais plakatais susijusios aplinkyb\u0117s yra tiriamos Vienos policijos.<\/p>\n<p><strong>I\u0161vados<\/strong><\/p>\n<p>Kariuomen\u0117s ir policijos institucijos nepalaik\u0117 lapkri\u010dio 20 d. Vienoje kilusio protesto, nukreipto prie\u0161 vald\u017eios sprendim\u0105 \u012fvesti karantino re\u017eim\u0105 ir reikalauti vis\u0173 pilie\u010di\u0173 pasiskiepyti nuo COVID-19 iki ateinan\u010di\u0173 met\u0173 vasario m\u0117nesio. Kariuomen\u0117s ir policijos atstovai vie\u0161ai patvirtino nepalaikantys protest\u0173, neskatinantys dalyvavimo juose ir nerei\u0161kiantys joki\u0173 politini\u0173 pa\u017ei\u016br\u0173.<\/p>\n<ul>\n<li>\u0160altiniai<\/li>\n<li>Austrijos saugumo ministro Michaelio Bauerio \u201eTwitter\u201c paskyros informacija<\/li>\n<li><a href=\"https:\/\/www.diepresse.com\/6063520\/volksaufstand-massiver-protest-gegen-lockdown-und-impfpflicht-in-wien\" target=\"_blank\" rel=\"noopener\">&#8220;Volksaufstand&#8221;: Massiver Protest gegen Lockdown und Impfpflicht in Wien; diepresse.com<\/a><\/li>\n<li><a href=\"https:\/\/rebaltica.lv\/2021\/11\/nav-taisniba-austrijas-armija-un-policija-nav-nostajusies-pret-valdibu\/\" target=\"_blank\" rel=\"noopener\">Nav taisn\u012bba \u2013<\/a> <a href=\"http:\/\/www.delfi.lt\/temos\/austrija\" title=\"Austrija\" class=\"ttl_link textTag_21801116\" target=\"_blank\" rel=\"noopener\">Austrijas<\/a> armija un policija nav nost\u0101ju\u0161\u0101s pret vald\u012bbu; rebaltica.lv<\/li>\n<li><a href=\"https:\/\/factuel.afp.com\/http%253A%252F%252Fdoc.afp.com%252F9RY6NG-1\" target=\"_blank\" rel=\"noopener\">L&#8217;arm\u00e9e et la police autrichiennes n&#8217;ont pas officiellement appel\u00e9 \u00e0 rejoindre la manifestation du 20 novembre \u00e0 Vienne; factuel.afp.com<\/a><\/li>\n<li><a href=\"https:\/\/kurier.at\/politik\/inland\/kickl-mit-corona-in-quarantaene-jetzt-geht-strache-demonstrieren\/401810191\" target=\"_blank\" rel=\"noopener\">Kickl mit Corona in Quarant\u00e4ne &#8211; jetzt geht Strache demonstrieren; kurier.at<\/a><\/li>\n<li><a href=\"https:\/\/www.politico.eu\/article\/vienna-police-reign-in-as-anti-vaxxers-merge-with-far-right-extremists-in-large-coronavirus-restrictions-protests-austria\/\" target=\"_blank\" rel=\"noopener\">Major protest in Vienna against lockdown and mandatory coronavirus vaccination; politico.eu<\/a><\/li>\n<li><a href=\"https:\/\/time.com\/6123087\/austria-covid-19-vaccine-mandate-protests\/\" target=\"_blank\" rel=\"noopener\">Austria&#8217;s Plan to Make COVID-19 Vaccines Compulsory Is Dividing Citizens \u2014 and Experts; time.com<\/a><\/li>\n<\/ul>","protected":false},"featured_media":0,"template":"","meta":{"inline_featured_image":false,"ub_ctt_via":""},"class_list":["post-2211","fact","type-fact","status-publish","hentry"],"acf":[],"_links":{"self":[{"href":"https:\/\/digires.lt\/en\/wp-json\/wp\/v2\/fact\/2211","targetHints":{"allow":["GET"]}}],"collection":[{"href":"https:\/\/digires.lt\/en\/wp-json\/wp\/v2\/fact"}],"about":[{"href":"https:\/\/digires.lt\/en\/wp-json\/wp\/v2\/types\/fact"}],"wp:attachment":[{"href":"https:\/\/digires.lt\/en\/wp-json\/wp\/v2\/media?parent=2211"}],"curies":[{"name":"wp","href":"https:\/\/api.w.org\/{rel}","templated":true}]}}