{"id":1398,"date":"2022-08-26T12:17:00","date_gmt":"2022-08-26T12:17:00","guid":{"rendered":"https:\/\/digires.lt\/fact\/nepagydomas-vaiku-ligas-melagingai-susiejo-su-covid-19-vakcinomis\/"},"modified":"2022-10-17T14:12:29","modified_gmt":"2022-10-17T14:12:29","slug":"nepagydomas-vaiku-ligas-melagingai-susiejo-su-covid-19-vakcinomis","status":"publish","type":"fact","link":"https:\/\/digires.lt\/en\/fact\/nepagydomas-vaiku-ligas-melagingai-susiejo-su-covid-19-vakcinomis\/","title":{"rendered":"Nepagydomas vaik\u0173 ligas melagingai susiejo su COVID-19 vakcinomis"},"content":{"rendered":"\n<p>Tiek u\u017esienio, tiek Lietuvos portaluose skelbiama bauginanti \u017einia, jog \u0161imtams vaik\u0173 diagnozuojama \u201evaiki\u0161ka demencija\u201c ir reta liga, apib\u016bdinama kaip Alzheimerio liga, sumi\u0161usi su Parkinsono liga, o gydytojai d\u0117l to yra suglum\u0119. \u0160ios vaik\u0173 ligos siejamos su COVID-19 vakcinomis, ta\u010diau ir pats teiginys, ir tokia s\u0105saja yra melas.<\/p>\n\n\n<p><iframe loading=\"lazy\" src=\"https:\/\/g4.dcdn.lt\/projektai\/melo-detektorius\/i\/polygraph\/?type=1&amp;v1\" width=\"100%\" height=\"96px\" frameborder=\"0\"><\/iframe><\/p>\n<h4>Teiginiai<\/h4>\n<p>\u0160iomis dienomis internete pasirod\u017eiusiuose straipsniuose teigiama, jog \u0161imtams vaik\u0173 diagnozuota \u201evaik\u0173 demencija\u201c ir gydytojai yra susir\u016bpin\u0119. Straipsniuose formuojama nuomon\u0117, jog toks vaik\u0173 lig\u0173 \u0161uolis yra susij\u0119s su COVID-19 vakcinomis.<\/p>\n<h4>Verdiktas<\/h4>\n<p>Teiginys, jog gydytojai sunerim\u0119, nes \u0161imtams vaik\u0173 diagnozuota \u201evaik\u0173 demensija\u201c ir tokio rei\u0161kinio s\u0105sajos su vakcinomis nuo koronaviruso yra melas. Jokiais moksliniais tyrimais ne\u012frodyta, jog kuri nors i\u0161 COVID-19 vakcin\u0173, kuriomis skiepijama visame pasaulyje, gali sukelti smegen\u0173 degeneracines ligas. Vaikai tikrai serga nepagydomomis smegen\u0173 degenaracin\u0117mis ligomis, pana\u0161iomis \u012f Alzheimer\u012f ar demencij\u0105, ta\u010diau jas sukelia ne vakcinos, o genetiniai sutrikimai.<\/p>\n<h4>Melo detektoriaus komentaras<\/h4>\n<p>Straipsniuose, kuriuos teigiama, kad \u0161imtams vaik\u0173 diagnozuojama demencija, nenurodytas joks informacijos \u0161altinis, kuriuo remiantis skelbiamas toks teiginys. Ne\u012fvardijama, nei kiek konkre\u010diai vaik\u0173 susirgo, nei kurioje \u0161alyje, nei tiksli diagnoz\u0117, nei jos nustatymo laikas.<\/p>\n<p>Ta\u010diau i\u0161 straipsni\u0173 konteksto galima suprasti, jog es\u0105 tiems \u201e\u0161imtams vaik\u0173\u201c sunkios ligos diagnozuojamos d\u0117l COVID-19 vakcin\u0173, nes tame pa\u010diame straipsnyje tvirtinama, jog moksliniame \u017eurnale \u201eMicrobiology and Infectious Diseases\u201c paskelbtame recenzuojamame straipsnyje dalijamasi tam tikrais nerim\u0105 kelian\u010diais atskleidimais, susijusiais su skiepais nuo koronaviruso. Jame paskelbtas tyrimas es\u0105 \u012frodo, kad <a class=\"ttl_link textTag_88814305\" title=\"mRNR\" href=\"http:\/\/www.delfi.lt\/temos\/mrnr\" target=\"_blank\" rel=\"noopener\">mRNR<\/a> pagrindu sukurtos COVID-19 vakcinos gali sukelti prionines ligas. Jomis vadinamos degeneracin\u0117s smegen\u0173 ligos. \u0160\u012f tyrim\u0105 atliko mokslininkas J. Bartas Classenas, kuris yra pagars\u0117j\u0119s skiep\u0173 prie\u0161ininkas.<\/p>\n<p>\u0160is tyrimas \u017eurnale \u201eMicrobiology and Infectious Diseases\u201c buvo paskelbtas dar pra\u0117jusi\u0173 met\u0173 prad\u017eioje ir i\u0161kart susilauk\u0117 kritikos: tiek pats mokslininkas, tiek jo tyrimas, tiek jo i\u0161vados.<\/p>\n<p>Amerikos mokslo ir sveikatos taryba tvirtino, jog J. Barto Classeno dokumente tr\u016bksta \u012frodym\u0173 ir jis yra \u201evisi\u0161kai spekuliatyvus\u201c. \u201eKaip (vakcina) buvo analizuojama? Kokia programin\u0117 \u012franga buvo naudojama? Ar jis i\u0161tyr\u0117 kokius nors kontrolinius elementus, pvz., l\u0105steli\u0173 mRNR sekas? Jis nieko ne\u012frodo\u201c, \u2013 \u012f tyrim\u0105 reagavo organizacija ir pabr\u0117\u017e\u0117, jog COVID-19 vakcinos tikrai nesukelia smegen\u0173 degeneracini\u0173 lig\u0173, pavyzd\u017eiui, Alzheimerio ar Parkinsono bei kit\u0173.<\/p>\n<p>Politifact.com pabr\u0117\u017e\u0117, jog koronaviruso vakcin\u0173 \u201ePfizer-BioNTech\u201c ir \u201eModerna\u201c klinikiniai tyrimai, kuriuose dalyvavo de\u0161imtys t\u016bkstan\u010di\u0173 dalyvi\u0173, neparod\u0117 jokio ry\u0161io tarp vakcin\u0173 ir neurologini\u0173 sutrikim\u0173. Be to, per kelis m\u0117nesius nuo vakcinacijos prad\u017eios milijonai amerikie\u010di\u0173 buvo paskiepyti \u201ePfizer\u201c ir \u201eModerna\u201c valcinomis, o federalin\u0117s vyriausyb\u0117s vakcin\u0173 nepageidaujam\u0173 rei\u0161kini\u0173 prane\u0161im\u0173 sistemoje negauta joki\u0173 prane\u0161im\u0173 apie smegen\u0173 degeneracin\u0117s ligas.<\/p>\n<p>Pabr\u0117\u017eiama, jog J. Barto Classenas yra \u017einomas skiep\u0173 prie\u0161ininkas. Jis band\u0117 \u012frodyti, kad vakcinos nuo hepatito vaikams sukelia diabet\u0105, ta\u010diau \u0161i jo teorij\u0105 buvo paneigta daugyb\u0119 kit\u0173 tyrim\u0173.<\/p>\n<p>Amerikos mokslo ir sveikatos taryba taip pat yra \u012fvertinusi J. Barto Classeno teiginius apie ry\u0161\u012f tarp vakcin\u0173, autizmo ir su imunitetu susijusi\u0173 lig\u0173: \u201e\u0160ie teiginiai visi\u0161kai nepagr\u012fsti moksliniais faktais. Ry\u0161ys tarp vakcin\u0173 ir autizmo buvo daug kart\u0173 paneigtas. Raginame visuomen\u0119 nustoti klausytis prie\u0161 skiepus propaguojam\u0173 jud\u0117jimo id\u0117j\u0173 ir daryti tai, kas geriausia visuomen\u0117s sveikatai \u2013 pasiskiepyti\u201c.<\/p>\n<p>\u017durnalas \u201eMicrobiology and Infectious Diseases\u201c taip pat yra abejotinos reputacijos. Jis n\u0117ra \u012ftrauktas \u012f Pubmed \u2013 pagrindin\u012f JAV mokslini\u0173 biomedicinos publikacij\u0173 indeks\u0105. \u017durnalo leid\u0117j\u0105 \u201eScivision Publishers\u201c, atviros prieigos \u017eurnal\u0173 platform\u0105, bibliotekininkas Jeffrey Beallas \u012fvardijo kaip potencial\u0173 grobuoni\u0161k\u0105 leid\u0117j\u0105, siekiant\u012f pasipelnyti i\u0161 akademik\u0173, o ne si\u016blyti grie\u017et\u0105 tarpusavio per\u017ei\u016br\u0105. Kitaip tariant, \u0161iame \u017eurnale savo tyrimus gali skelbti kone visi mokslininkai, jei u\u017e tai susimoka, o j\u0173 tyrim\u0173 kokyb\u0117 \u2013 abejotina.<\/p>\n<ul>\n<li>\u0160altiniai<\/li>\n<li><a title=\"https:\/\/www.politifact.com\/factchecks\/2021\/feb\/26\/j-bart-classen\/coronavirus-vaccine-doesnt-cause-alzheimers-als\/\" href=\"https:\/\/www.politifact.com\/factchecks\/2021\/feb\/26\/j-bart-classen\/coronavirus-vaccine-doesnt-cause-alzheimers-als\/\" target=\"_self\" rel=\"noopener\">The coronavirus vaccine doesn\u2019t cause Alzheimer\u2019s, ALS<\/a><\/li>\n<li><a title=\"https:\/\/www.acsh.org\/news\/2021\/02\/19\/no-covid-mrna-vaccine-wont-cause-alzheimers-or-prion-disease-15357\" href=\"https:\/\/www.acsh.org\/news\/2021\/02\/19\/no-covid-mrna-vaccine-wont-cause-alzheimers-or-prion-disease-15357\" target=\"_self\" rel=\"noopener\">No, COVID MRNA Vaccine Won&#8217;t Cause Alzheimer&#8217;s Or Prion Disease<\/a><\/li>\n<li><a title=\"https:\/\/factcheck.thedispatch.com\/p\/could-the-mrna-vaccines-lead-to-an?triedSigningIn=true\" href=\"https:\/\/factcheck.thedispatch.com\/p\/could-the-mrna-vaccines-lead-to-an?triedSigningIn=true\" target=\"_self\" rel=\"noopener\">Could the mRNA Vaccines Lead to an Increase in Neurodegenerative Disorders?<\/a><\/li>\n<li><a title=\"https:\/\/www.healthline.com\/health\/childrens-health\/childhood-alzheimers#symptoms\" href=\"https:\/\/www.healthline.com\/health\/childrens-health\/childhood-alzheimers#symptoms\" target=\"_self\" rel=\"noopener\">Childhood Alzheimer\u2019s: Understanding This Rare Condition<\/a><\/li>\n<li><a title=\"https:\/\/www.childhooddementia.org\/what-is-childhood-dementia\" href=\"https:\/\/www.childhooddementia.org\/what-is-childhood-dementia\" target=\"_self\" rel=\"noopener\">What is childhood dementia?<\/a><\/li>\n<li><a title=\"https:\/\/bauerspecialty.com\/childhood-alzheimers\/\" href=\"https:\/\/bauerspecialty.com\/childhood-alzheimers\/\" target=\"_self\" rel=\"noopener\">WHAT IS CHILDHOOD ALZHEIMER\u2019S?<\/a><\/li>\n<li><a title=\"https:\/\/www.medicalnewstoday.com\/articles\/childhood-alzheimers\" href=\"https:\/\/www.medicalnewstoday.com\/articles\/childhood-alzheimers\" target=\"_self\" rel=\"noopener\">What to know about \u201echildhood Alzheimer&#8217;s\u201c<\/a><\/li>\n<li><a title=\"https:\/\/scivisionpub.com\/pdfs\/covid19-rna-based-vaccines-and-the-risk-of-prion-disease-1503.pdf\" href=\"https:\/\/scivisionpub.com\/pdfs\/covid19-rna-based-vaccines-and-the-risk-of-prion-disease-1503.pdf\" target=\"_self\" rel=\"noopener\">COVID-19 RNA Based Vaccines and the Risk of Prion Disease<\/a><\/li>\n<\/ul>","protected":false},"featured_media":0,"template":"","meta":{"inline_featured_image":false,"ub_ctt_via":""},"class_list":["post-1398","fact","type-fact","status-publish","hentry"],"acf":[],"_links":{"self":[{"href":"https:\/\/digires.lt\/en\/wp-json\/wp\/v2\/fact\/1398","targetHints":{"allow":["GET"]}}],"collection":[{"href":"https:\/\/digires.lt\/en\/wp-json\/wp\/v2\/fact"}],"about":[{"href":"https:\/\/digires.lt\/en\/wp-json\/wp\/v2\/types\/fact"}],"wp:attachment":[{"href":"https:\/\/digires.lt\/en\/wp-json\/wp\/v2\/media?parent=1398"}],"curies":[{"name":"wp","href":"https:\/\/api.w.org\/{rel}","templated":true}]}}