{"id":1111,"date":"2022-03-29T17:47:00","date_gmt":"2022-03-29T17:47:00","guid":{"rendered":"https:\/\/digires.lt\/fact\/prisidengusi-svetima-nuotrauka-juodina-ukrainiecius-istorijai-truksta-faktu-o-ju-pasiteirave-zmones-blokuojami\/"},"modified":"2022-07-11T15:55:22","modified_gmt":"2022-07-11T15:55:22","slug":"prisidengusi-svetima-nuotrauka-juodina-ukrainiecius-istorijai-truksta-faktu-o-ju-pasiteirave-zmones-blokuojami","status":"publish","type":"fact","link":"https:\/\/digires.lt\/en\/fact\/prisidengusi-svetima-nuotrauka-juodina-ukrainiecius-istorijai-truksta-faktu-o-ju-pasiteirave-zmones-blokuojami\/","title":{"rendered":"Prisidengusi svetima nuotrauka juodina ukrainie\u010dius: istorijai tr\u016bksta fakt\u0173, o j\u0173 pasiteirav\u0119 \u017emon\u0117s blokuojami"},"content":{"rendered":"\n<p>Socialiniuose tinkluose i\u0161platinta istorija apie neva lietuvi\u0173 but\u0105 apipl\u0117\u0161usi\u0105 karo pab\u0117g\u0117li\u0173 i\u0161 Ukrainos \u0161eim\u0105. Nors tokias istorijas patikrinti sud\u0117tinga, nes ne visais atvejais asmenys kreipiasi \u012f policij\u0105, verta atkreipti d\u0117mes\u012f, kad j\u0105 pavie\u0161ino \u012ftartinos \u201eFacebook\u201c anketos savinink\u0117, be to, jos autor\u0117 nepateik\u0117 joki\u0173 tikslesni\u0173 duomen\u0173 apie nukent\u0117jusius asmenis, pavyzd\u017eiu, buto, kuris buvo apipl\u0117\u0161tas, adreso, nei nukent\u0117jusi\u0173 \u017emoni\u0173 vard\u0173. Policijos suvestin\u0117se \u012fvykis taip pat neatsispindi, taigi, n\u0117ra n\u0117 vieno \u012frodymo, kad \u0161i istorija yra tikra.<\/p>\n\n\n<p><iframe loading=\"lazy\" src=\"\/melo-detektorius\/i\/polygraph\/?type=5&amp;v1\" frameborder=\"0\" width=\"100%\" height=\"96px\"><\/iframe><\/p>\n<p><em><strong>Papildymas:<\/strong> pavie\u0161inus \u0161i\u0105 publikacij\u0105 moters, i\u0161platinusios istorij\u0105 apie neva ukrainie\u010di\u0173 apipl\u0117\u0161t\u0105 but\u0105, \u201eFacebook\u201c anketa kartu su min\u0117ta \u017einute buvo i\u0161trinta. Tai tik patvirtina \u012ftarimus, kad jos istorija buvo melaginga.<\/em><\/p>\n<p>Kovo 27 d. \u201eFacebook\u201c socialiniame tinkle pavie\u0161inta graudi istorija sulauk\u0117 didelio susidom\u0117jimo \u2013 \u017einut\u0117 buvo pasidalinta 2,7 t\u016bkst. kart\u0173. Jos autor\u0117 pasakoja apie neva d\u0117l ukrainie\u010di\u0173 kalt\u0117s nukent\u0117jusi\u0105 savo kaimyn\u0119, kuri, nor\u0117dama pad\u0117ti karo pab\u0117g\u0117liams, juos pri\u0117m\u0117 \u012f savo but\u0105. Per dvi savaites, es\u0105, bute apsigyven\u0119 ukrainie\u010diai j\u012f apipl\u0117\u0161\u0117 \u2013 pasisavino pinigus, kompiuterius ir kitus daiktus, o v\u0117liau pab\u0117go \u012f u\u017esien\u012f.<\/p>\n<p>\u017dinut\u0119 prad\u0117jo platinti ir kiti socialinio tinklo vartotojai, kai kurie i\u0161 j\u0173 pasitelk\u0117 ekrano kopijas, kad min\u0117ta informacija pasiekt\u0173 kuo daugiau \u017emoni\u0173. Vis d\u0117lto, daug signal\u0173 i\u0161duoda, kad \u017einut\u0117je pateikta informacija yra i\u0161galvota, sukurta tik tam, kad specialiai s\u0117t\u0173 nepasitik\u0117jim\u0105 nuo karo b\u0117gan\u010diais ukrainie\u010diais.<\/p>\n<p>\u201eMelo detektorius\u201c \u012fvardija, kod\u0117l \u0161i istorija negali b\u016bti laikoma patikima informacija:<\/p>\n<p>1. Prane\u0161imo komentatoriai ne kart\u0105 pra\u0161\u0117 pateikti daugiau duomen\u0173 apie galimai nukent\u0117jusius asmenis, ta\u010diau \u017einut\u0117s autor\u0117 nenurod\u0117 nei nukent\u0117jusi\u0173j\u0173 vard\u0173 ar pavard\u017ei\u0173 (\u017einut\u0117je nurodoma tik tai, kad istorija, neva, nutiko jos autor\u0117s kaimynei), nei buto, kuriame neva \u012fvyko incidentas, adreso.<br>\u0160ios informacijos moters komentaruose teiravosi ir Policijos departamento prie <a href=\"http:\/\/www.delfi.lt\/temos\/vrm\" title=\"VRM\" class=\"ttl_link textTag_59337403\" target=\"_blank\" rel=\"noopener\">VRM<\/a> <a href=\"http:\/\/www.delfi.lt\/temos\/komunikacijos-skyriaus-vedejas\" title=\"Komunikacijos skyriaus ved\u0117jas\" class=\"ttl_link textTag_82118757\" target=\"_blank\" rel=\"noopener\">Komunikacijos skyriaus ved\u0117jas<\/a> <a href=\"http:\/\/www.delfi.lt\/temos\/ramunas-matonis\" title=\"Ram\u016bnas Matonis\" class=\"ttl_link textTag_58656955\" target=\"_blank\" rel=\"noopener\">Ram\u016bnas Matonis<\/a>, ta\u010diau moteris informacijos nepateik\u0117, R. Matonio komentar\u0105 i\u0161tryn\u0117 ir u\u017eblokavo jo \u201eFacebook\u201c paskyr\u0105.<\/p>\n<p>2. Vie\u0161ai prieinamose policijos \u012fvyki\u0173 suvestin\u0117se prane\u0161imo apie pana\u0161\u0173 \u012fvyk\u012f n\u0117ra.<\/p>\n<p>3. Dalis \u017einut\u0119 komentavusi\u0173 \u017emoni\u0173 atkreip\u0117 d\u0117mes\u012f \u012f prane\u0161imu pasidalinusio asmens anket\u0105 \u2013 nors anketoje pirma \u017einute pasidalinta dar 2017 m., ji buvo beveik neaktyvi. Per vis\u0105 \u0161\u012f period\u0105 tarp 2017 m. ir 2022 m. i\u0161 \u0161ios anketos buvo pavie\u0161intos tik 6 \u017einut\u0117s \u2013 su maniki\u016bru susij\u0119s paveiksl\u0117lis, vaizdo \u012fra\u0161as, kuriame matoma moteris su vaiku ant rank\u0173, dvi pad\u0117kos u\u017e sveikinimus, min\u0117ta sensacinga \u017einut\u0117 apie but\u0105 neva apipl\u0117\u0161usius ukrainie\u010dius ir atnaujinta profilio nuotrauka. Svarbu ir tai, kad, nors moters paskyroje yra 1 242 draugai, jos \u017einut\u0117s, i\u0161skyrus pastar\u0105j\u0105, buvo pam\u0117gtos ne daugiau nei de\u0161imties \u017emoni\u0173.<\/p>\n<p>4. \u017dinut\u0119 apie ukrainie\u010dius pavie\u0161inusios moters profilio nuotraukoje i\u0161 ties\u0173 matomas kitas asmuo. Pasirinktas tik nuotraukos fragmentas, kuriame matyti \u0161viesiaplauk\u0117s moters s\u0117dmenys ir liemuo. Grei\u010diausiai taip pasielgta tod\u0117l, kad b\u016bt\u0173 sunkiau identifikuoti, koks \u017emogus i\u0161 tikr\u0173j\u0173 vaizduojamas fotografijoje, ta\u010diau \u0161io fragmento u\u017eteko nustatyti, kad nuotraukoje u\u017efiksuota \u010dek\u0173 kilm\u0117s amerikiet\u0117 Katerina Rozmajzl \u2013 savo <a href=\"http:\/\/www.delfi.lt\/temos\/instagram\" title=\"\u201eInstagram\u201c\" class=\"ttl_link textTag_67896952\" target=\"_blank\" rel=\"noopener\">\u201eInstagram\u201c<\/a> paskyroje 910 t\u016bkst. gerb\u0117j\u0173 turintis modelis.<\/p>\n<p> <img loading=\"lazy\" decoding=\"async\" src=\"https:\/\/g.dcdn.lt\/images\/pix\/zinute-paviesines-asmuo-pasinaudojo-svetima-nuotrauka-fotografijoje-is-89834375.jpg\" width=\"600\" height=\"600\"> <\/p>\n<p>Papra\u0161ius \u017einut\u0117je apra\u0161yt\u0105 situacij\u0105 pakomentuoti Policijos departamento prie VRM Komunikacijos skyriaus ved\u0117jo Ram\u016bno Matonio, jis patvirtino, kad \u0161ioje \u017einut\u0117je grei\u010diausiai pateikta melaginga informacija. Pasiteiravus daugiau detali\u0173 apie \u012fvykusi\u0105 situacij\u0105, R. Matonio anketa buvo tiesiog u\u017eblokuota, o komentaras \u2013 i\u0161trintas.<\/p>\n<p>R. Matonis atkreip\u0117 d\u0117mes\u012f, kad \u012fvykdyt\u0173 nusi\u017eengim\u0173 statistikoje ukrainie\u010diai niekaip nei\u0161siskiria i\u0161 kit\u0173 u\u017esienie\u010di\u0173. \u201enuo \u0161.m. kovo 1 d. u\u017esienie\u010diai padar\u0117 daugiau kaip 11 500 administracini\u0173 nusi\u017eengim\u0173, i\u0161 j\u0173 \u2013 tik 5,1 proc. padar\u0117 Ukrainos pilietyb\u0119 turintys asmenys. Apibendrinus turim\u0105 informacij\u0105, galime konstatuoti, kad <a href=\"http:\/\/www.delfi.lt\/temos\/ukrainos-pilieciai\" title=\"Ukrainos pilie\u010diai\" class=\"ttl_link textTag_68248276\" target=\"_blank\" rel=\"noopener\">Ukrainos pilie\u010diai<\/a> niekaip nei\u0161siskiria i\u0161 kit\u0173 u\u017esienie\u010di\u0173 darom\u0173 pa\u017eeidim\u0173\u201c, \u2013 komentavo R. Matonis.<\/p>\n<p><strong>I\u0161vados<\/strong><\/p>\n<p>Moters, pasidalinusios istorija apie neva nuo karo pab\u0117gusi\u0173 ukrainie\u010di\u0173 \u012fvykdyt\u0105 nusikaltim\u0105 \u2013 apipl\u0117\u0161t\u0105 but\u0105 \u2013 pasakojimui tr\u016bksta \u012frodym\u0173, o tai leid\u017eia daryti i\u0161vad\u0105, kad istorija yra i\u0161galvota. Daugiau informacijos papra\u0161\u0119s Policijos departamento prie VRM Komunikacijos skyriaus ved\u0117jas Ram\u016bnas Matonis \u017einut\u0117s autor\u0117s buvo u\u017eblokuotas, o jo u\u017eklausa \u2013 i\u0161trinta. Anketa, i\u0161 kurios pavie\u0161inta istorija, kelia abejoni\u0173 d\u0117l jos tikrumo. \u0160is asmuo niekada nebuvo aktyvus \u201eFacebook\u201c platformoje \u2013 d\u0117mesio sulauk\u0117 tik daugyb\u0119 kart\u0173 pasidalinta \u017einut\u0117 apie ukrainie\u010dius, taip pat moteris, pasivadinusi Svetlana Buzinska, anketoje naudoja modelio Katerinos Rozmajzl nuotraukos fragment\u0105.<\/p>\n<ul>\n<li>\u0160altiniai<\/li>\n<li>\u201eFacebook\u201c paie\u0161ka<\/li>\n<li>Susira\u0161in\u0117jimas elektroniniu pa\u0161tu su Policijos departamento prie VRM Komunikacijos skyriaus ved\u0117ju Ram\u016bnu Matoniu<\/li>\n<li>Atvirk\u0161tin\u0117 vaizd\u0173 paie\u0161ka<\/li>\n<\/ul>","protected":false},"featured_media":0,"template":"","meta":{"inline_featured_image":false,"ub_ctt_via":""},"class_list":["post-1111","fact","type-fact","status-publish","hentry"],"acf":[],"_links":{"self":[{"href":"https:\/\/digires.lt\/en\/wp-json\/wp\/v2\/fact\/1111","targetHints":{"allow":["GET"]}}],"collection":[{"href":"https:\/\/digires.lt\/en\/wp-json\/wp\/v2\/fact"}],"about":[{"href":"https:\/\/digires.lt\/en\/wp-json\/wp\/v2\/types\/fact"}],"wp:attachment":[{"href":"https:\/\/digires.lt\/en\/wp-json\/wp\/v2\/media?parent=1111"}],"curies":[{"name":"wp","href":"https:\/\/api.w.org\/{rel}","templated":true}]}}